{"id":1974,"date":"2013-07-22T21:33:32","date_gmt":"2013-07-22T21:33:32","guid":{"rendered":"http:\/\/www.elmundodegallasalva.es\/?page_id=1974"},"modified":"2015-12-29T01:16:49","modified_gmt":"2015-12-29T01:16:49","slug":"la-cosmografia-de-tolomeo-las-tribus-iberas-y-la-astrologia","status":"publish","type":"page","link":"http:\/\/www.elmundodegallasalva.es\/?page_id=1974","title":{"rendered":"La cosmograf\u00eda de Tolomeo, las tribus \u00edberas y la Astrolog\u00eda"},"content":{"rendered":"<address>El Atlas es el primer libro de Astrolog\u00eda que se conoce, que fue el que escribi\u00f3 el rey de los \u00edberos que fuera Osiris, encima del monte de dicho nombre de \u00c1frica. Por ello Osiris se llam\u00f3 tambi\u00e9n Atlas.<\/address>\n<address>De la Astrolog\u00eda deriva la cosmograf\u00eda, que es la que nos se\u00f1ala las coordenadas que necesita el astr\u00f3logo para levantar una carta astral, osea la Latitud y la Longitud del lugar de nacimiento, a parte de la hora y fecha de nacimiento. <a href=\"http:\/\/www.elmundodegallasalva.es\/wp-content\/uploads\/2013\/01\/dsc02342.jpg\"><img loading=\"lazy\" class=\"alignleft size-medium wp-image-1732\" src=\"http:\/\/www.elmundodegallasalva.es\/wp-content\/uploads\/2013\/01\/dsc02342-300x225.jpg\" alt=\"dsc02342\" width=\"300\" height=\"225\" srcset=\"http:\/\/www.elmundodegallasalva.es\/wp-content\/uploads\/2013\/01\/dsc02342-300x225.jpg 300w, http:\/\/www.elmundodegallasalva.es\/wp-content\/uploads\/2013\/01\/dsc02342.jpg 400w\" sizes=\"(max-width: 300px) 100vw, 300px\" \/><\/a>\u00a0<\/address>\n<address>Para levantar una carta astral los \u00edberos precisaban de un sistema de c\u00e1lculo que permitiera operaciones con grados y minutos, que no es precisamente el sistema de c\u00e1lculo que empleaban los romanos, osea el del \u00e1baco de bolas y las letras, que no conoce el cero siquiera. As\u00ed pues los \u00edberos usaban los n\u00fameros tal como los conocemos actualmente, que conocen el cero y permiten calcular en grados, minutos y segundos y determinar la latitud y longitud de un lugar y el grado en que est\u00e1 ubicado un planeta en la b\u00f3beda celeste.<\/address>\n<address>He hablado en otras p\u00e1ginas sobre los \u00edberos y como se expandieron por el mundo y difundieron su sistema de c\u00e1lculo, que aprendieron los \u00e1rabes y que difundieron los indiquetas o indigetas \u00edberos por la India. Los \u00edberos son los que aportaron al mundo sus conocimientos matem\u00e1ticos, <a href=\"http:\/\/www.elmundodegallasalva.es\/wp-content\/uploads\/2013\/01\/dsc02295.jpg\"><img loading=\"lazy\" class=\"alignright size-medium wp-image-1746\" src=\"http:\/\/www.elmundodegallasalva.es\/wp-content\/uploads\/2013\/01\/dsc02295-300x225.jpg\" alt=\"dsc02295\" width=\"300\" height=\"225\" srcset=\"http:\/\/www.elmundodegallasalva.es\/wp-content\/uploads\/2013\/01\/dsc02295-300x225.jpg 300w, http:\/\/www.elmundodegallasalva.es\/wp-content\/uploads\/2013\/01\/dsc02295.jpg 400w\" sizes=\"(max-width: 300px) 100vw, 300px\" \/><\/a>derivados de la Astrolog\u00eda y que se usaban tambi\u00e9n para la navegaci\u00f3n, pues los marineros en altamar se orientaban por las estrellas. Vemos en la foto como se empleaban los n\u00fameros actuales antiguamente para fechar una fuente, n\u00fameros que fueron prohibidos por los romanos y que obligaban a usar los de letras, que dificultan much\u00edsimo el c\u00e1lculo.<\/address>\n<address>Vemos en la fuente que se pone una cruz en el centro de la fecha de 1o81, para indicar que es el de Cristo. Lo he reseguido con tiza para que se viera mejor, despu\u00e9s de limpiar telara\u00f1as y polvo. Las letras no se lo que dir\u00e1n, supongo que sea el nombre de la fuente o se aprovecharan las piedras de un antiguo templo que hab\u00eda al lado, cuando se construy\u00f3 la fuente y que se llamaba San Mart\u00ed Surroca.<\/address>\n<address>Vemos en el libro de Cosmograf\u00eda de Tolomeo, que usaban los navegantes y astr\u00f3logos antiguamente que nos dice lo siguiente:<\/address>\n<address><strong>En Hispania que los griegos llaman Iberia hay tres regiones: B\u00e9tica, Lusitania y Tarraconense. El lado de la B\u00e9tica que en el noreste limita con Lusitania y en parte con la Tarraconense se describe as\u00ed:<\/strong><\/address>\n<address><strong>Turditanos:<\/strong><\/address>\n<address>Desembocadura m\u00e1s oriental del Ana (Guadiana) 4\u00ba 20\u00b4-\u00a0 37\u00ba 30\u00b4<\/address>\n<address>Vuelta del r\u00edo hasta su nacimiento 5\u00ba 20\u00b4-\u00a0 39\u00ba\u00a0 00\u00b4<\/address>\n<address>Parte del r\u00edo que bordea el l\u00edmite de Lusitania 9\u00ba 00\u00b4- 39\u00ba 20\u00b4<\/address>\n<address>La l\u00ednea descrita hasta aqu\u00ed que bord\u00e9a la Tarraconense y se dirige hasta el mar Balear tiene su t\u00e9rmino en 12\u00ba 00\u00b4- 37\u00ba15\u00b4<\/address>\n<address>Fuentes del r\u00edo Ana (Guadiana) 11\u00ba 15\u00b4 &#8211; 40\u00ba 00\u00b4<\/address>\n<address>El lado sur de la B\u00e9tica tiene como l\u00edmites el oc\u00e9ano Exterior o Atl\u00e1ntico y el Estrecho de H\u00e9rcules (Estrecho de Gibraltar) y el Mat Interior o Ib\u00e9rico. La descripci\u00f3n a partir de la desembocadura del r\u00edo Ana (Guadiana) en el Oc\u00e9anonAtl\u00e1ntico es as\u00ed:<\/address>\n<address><strong>Turditanos:<\/strong><\/address>\n<address>Onobulisturia (Huelva) 4\u00ba 40\u00b4- 37\u00ba20\u00b4<\/address>\n<address>Desembocadura oriental del r\u00edo Betis\u00a0 (Guadalquivir) 5\u00ba 20\u00b4- 37\u00ba 00\u00b4<\/address>\n<address>Manantial del r\u00edo 12\u00ba 00\u00b4- 38\u00ba 30\u00b4<\/address>\n<address>Estuario de Astacana 6\u00ba 00\u00b4-36\u00ba 45\u00b4<\/address>\n<address><strong>T\u00fardulos:<\/strong><\/address>\n<address>Puerto Menestei (Puerto de Santa Mar\u00eda) 5\u00ba30\u00b4- 36\u00ba 30\u00b4<\/address>\n<address>Cabo a partir del cual comienza un estrecho, en donde hay un templo de Juno 5\u00ba 45\u00b4- 36\u00ba 20\u00b4<\/address>\n<address><a href=\"http:\/\/www.elmundodegallasalva.es\/wp-content\/uploads\/2013\/03\/SAM_0482.jpg\"><img loading=\"lazy\" class=\"alignleft size-medium wp-image-1980\" src=\"http:\/\/www.elmundodegallasalva.es\/wp-content\/uploads\/2013\/03\/SAM_0482-300x168.jpg\" alt=\"SAM_0482\" width=\"300\" height=\"168\" srcset=\"http:\/\/www.elmundodegallasalva.es\/wp-content\/uploads\/2013\/03\/SAM_0482-300x168.jpg 300w, http:\/\/www.elmundodegallasalva.es\/wp-content\/uploads\/2013\/03\/SAM_0482-1024x576.jpg 1024w, http:\/\/www.elmundodegallasalva.es\/wp-content\/uploads\/2013\/03\/SAM_0482.jpg 1696w\" sizes=\"(max-width: 300px) 100vw, 300px\" \/><\/a>R\u00edo Bel\u00f3n 6\u00ba 15\u00b4- 36\u00ba 20\u00b4<\/address>\n<address>Bel\u00f3n ciudad 6\u00ba 15\u00b4- 36\u00ba 20\u00b4<\/address>\n<address><strong>B\u00e1stulos, llamados Itinos:<\/strong><\/address>\n<address>Mentalia 6\u00ba 30\u00b4- 36\u00ba 30\u00b4<\/address>\n<address>Transducia 6\u00ba 50\u00b4- 36\u00ba 05\u00b4<\/address>\n<address>Barbesola ciudad 7\u00ba 15\u00b4-36\u00ba05\u00b4<\/address>\n<address>Cateria (Guadarranque) 7\u00ba 30\u00b4-36\u00ba 05\u00b4<\/address>\n<address>Monte Calpe (Gibraltar) y columna de H\u00e9rcules en el Mar Exterior (Oc\u00e9ano Atl\u00e1ntico) 7\u00ba30\u00b4- 36\u00ba 15\u00b4<\/address>\n<address><strong>En el mar Ib\u00e9rico:<\/strong><\/address>\n<address>Desembocadura del r\u00edo Besola 7\u00ba 40\u00b4-36\u00ba 40\u00b4<\/address>\n<address>Suel 8\u00ba 00\u00b4-36\u00ba 50\u00b4<\/address>\n<address>Malica (M\u00e1laga) 8\u00ba50\u00b4-37\u00ba00\u00b4<\/address>\n<address>Manoba 9\u00ba15 -37\u00ba 00\u00b4<\/address>\n<address>Sex 9\u00ba 45\u00b4-37\u00ba 45\u00b4<\/address>\n<address>Selambina 10\u00ba 15\u00b4-37\u00ba 15\u00b4<\/address>\n<address>Abdara (Adra) 10\u00ba 45\u00b4-37\u00ba 05\u00b4<\/address>\n<address>Gran Puerto\u00a0 11\u00ba 20\u00b4- 37\u00ba 05\u00b4<\/address>\n<address>Cabo Cadiremo (Cabo de Gata) 11\u00ba 20\u00b4- 36\u00ba 50\u00b4<\/address>\n<address>El resto de la provincia hacia el oriente invernal termina cerca del mar Balear siguiendo la l\u00ednea que se extiende desde el mencionado Cabo Caridemo (Cabo de Gata), hasta donde se encuentra la ciudad de Balaria 11\u00ba 45\u00b4- 37\u00ba 05\u00b4<\/address>\n<address><strong>Los b\u00e1stulos habitan la costa del mar desde la ciudad de Menralia hasta la de Balaria.<\/strong><\/address>\n<address><strong>Los T\u00fardulos habitan la parte interior que hay encima de los b\u00e1stulos, hasta la Tarraconense y las ciudades son:<\/strong><\/address>\n<address><a href=\"http:\/\/www.elmundodegallasalva.es\/wp-content\/uploads\/2013\/03\/220px-Viriato.jpg\"><img loading=\"lazy\" class=\"size-medium wp-image-1984 alignright\" src=\"http:\/\/www.elmundodegallasalva.es\/wp-content\/uploads\/2013\/03\/220px-Viriato-138x300.jpg\" alt=\"220px-Viriato\" width=\"138\" height=\"300\" srcset=\"http:\/\/www.elmundodegallasalva.es\/wp-content\/uploads\/2013\/03\/220px-Viriato-138x300.jpg 138w, http:\/\/www.elmundodegallasalva.es\/wp-content\/uploads\/2013\/03\/220px-Viriato.jpg 220w\" sizes=\"(max-width: 138px) 100vw, 138px\" \/><\/a>Setida 9\u00ba10\u00b4- 38\u00ba50\u00b4<\/address>\n<address>Ibargis 9\u00ba10\u00b4- 38\u00ba 20\u00b4<\/address>\n<address>Vogia 9\u00ba 00\u00b4- 38\u00ba 30\u00b4<\/address>\n<address>Calpurniana (Bujalance) 9\u00ba 45\u00b4- 38\u00ba 20\u00b4<\/address>\n<address>Cecilia 9\u00ba 15\u00b4-38\u00ba 15\u00b4<\/address>\n<address>Biniana 10\u00ba00\u00b4- 38\u00ba 15\u00b4<\/address>\n<address>Corduba (C\u00f3rdoba) 9\u00ba 20\u00b4- 38\u00ba 20\u00b4<\/address>\n<address>Iulia 8\u00ba 45\u00b4- 38\u00ba 00\u00b4<\/address>\n<address>Obulcum 11\u00ba 10\u00b4-38\u00ba 00\u00b4<\/address>\n<address>Arcialis(Murcia) 8\u00ba 45\u00b4- 37\u00ba 45\u00b4<\/address>\n<address>Betunda 8\u00ba 40\u00b4- 37\u00ba 40\u00b4<\/address>\n<address>Murgis 8\u00ba 15\u00b4- 37\u00ba 20\u00b4<\/address>\n<address>Saluba 8\u00ba 45\u00b4- 37\u00ba 20\u00b4<\/address>\n<address>Tucci 8\u00ba 00\u00b4- 37\u00ba 10\u00b4<\/address>\n<address>Salar 7\u00ba 30\u00b4-37\u00ba 00\u00b4<\/address>\n<address>Balsar 7\u00ba 00\u00b4- 36\u00ba 20\u00b4<\/address>\n<address>Hebora (\u00c9vora) 6\u00ba 45\u00b4-30\u00b4<\/address>\n<address>Onoba\u00a0\u00a0\u00a0 6\u00ba 30\u00b4- 36\u00ba 40\u00b4<\/address>\n<address>Illipuga magna \u00a0 \u00a0 9\u00ba30\u00b4- 38\u00ba 00\u00b4<\/address>\n<address>Selia\u00a0\u00a0\u00a0 9\u00ba 05\u00b4- 37\u00ba 50\u00b4<\/address>\n<address>Vescis\u00a0\u00a0\u00a0 9\u00ba 05\u00b4- 37\u00ba 30\u00b4<\/address>\n<address>Escua\u00a0\u00a0\u00a0\u00a0 9\u00ba 25\u00b4- 37\u00ba 30\u00b4<\/address>\n<address>Artiguis\u00a0\u00a0 9\u00ba 40\u00b4- 37\u00ba40\u00b4<\/address>\n<address>Callicula\u00a0\u00a0\u00a0 10\u00ba 10\u00b4-37\u00ba 45\u00b4<\/address>\n<address>Lacibis \u00a0\u00a0 10\u00ba 15\u00b4- 37\u00ba 30\u00b4<\/address>\n<address>Sacilis\u00a0\u00a0\u00a0 10\u00ba 50\u00b4- 37\u00ba 30\u00b4<\/address>\n<address>Lacippo\u00a0\u00a0\u00a0 11\u00ba 15\u00b4 -37\u00ba 20\u00b4<\/address>\n<address>Illiberis (Granada) \u00a0\u00a0 11\u00ba 30\u00b4-37\u00ba 20\u00b4<\/address>\n<address>L<strong>a regi\u00f3n interior y que limita con Lusitania la habitan los t\u00fardulos , cuyas ciudades son:<\/strong><\/address>\n<address><a href=\"http:\/\/www.elmundodegallasalva.es\/wp-content\/uploads\/2012\/10\/SAM_02392.jpg\"><img loading=\"lazy\" class=\"alignleft size-medium wp-image-1537\" src=\"http:\/\/www.elmundodegallasalva.es\/wp-content\/uploads\/2012\/10\/SAM_02392-300x240.jpg\" alt=\"SAM_0239\" width=\"300\" height=\"240\" srcset=\"http:\/\/www.elmundodegallasalva.es\/wp-content\/uploads\/2012\/10\/SAM_02392-300x240.jpg 300w, http:\/\/www.elmundodegallasalva.es\/wp-content\/uploads\/2012\/10\/SAM_02392.jpg 720w\" sizes=\"(max-width: 300px) 100vw, 300px\" \/><\/a>Canaca\u00a0\u00a0\u00a0 4\u00ba 40\u00b4- 38\u00ba 00\u00b4<\/address>\n<address>Seria \u00a0 \u00a0\u00a0 4\u00ba 40\u00b4- 37\u00ba 45\u00b4<\/address>\n<address>Osca \u00a0 \u00a0\u00a0 5\u00ba 00\u00b4- 37\u00ba 15\u00b4<\/address>\n<address>Ceriana\u00a0\u00a0\u00a0\u00a0 5\u00ba 10\u00b4- 38\u00ba 15\u00b4<\/address>\n<address>Urium\u00a0\u00a0\u00a0 5\u00ba 40\u00b4- 38\u00ba 40\u00b4<\/address>\n<address>Illipula\u00a0\u00a0\u00a0 6\u00ba 60\u00b4-38\u00ba 00\u00b4<\/address>\n<address>Setida\u00a0\u00a0\u00a0 5\u00ba 30\u00b4- 37\u00ba 45\u00b4<\/address>\n<address>Ptuci\u00a0\u00a0\u00a0 5\u00ba 10\u00b4- 37\u00ba 00\u00b4<\/address>\n<address>Sala\u00a0\u00a0\u00a0 5\u00ba 20\u00b4- 37\u00ba 30\u00b4<\/address>\n<address>Nabrisa\u00a0\u00a0\u00a0 5\u00ba 40\u00b4- 37\u00ba 20\u00b4<\/address>\n<address>Utia\u00a0\u00a0\u00a0 5\u00ba 30\u00b4- 37\u00ba 10\u00b4<\/address>\n<address>Asta (Jerez de la Frontera)\u00a0\u00a0\u00a0 6\u00ba 00\u00b4- 37\u00ba 00\u00b4<\/address>\n<address>Corticata\u00a0\u00a0\u00a0 6\u00ba 05\u00b4- 38\u00ba 20\u00b4<\/address>\n<address>Lelia\u00a0\u00a0\u00a0 6\u00ba 05\u00b4- 38\u00ba 05\u00b4<\/address>\n<address>Italica\u00a0\u00a0\u00a0 7\u00ba 00\u00b4- 38\u00ba 00\u00b4<\/address>\n<address>Maxilia\u00a0\u00a0\u00a0 6\u00ba 20\u00b4- 37\u00ba 50\u00b4<\/address>\n<address>Carista\u00a0\u00a0\u00a0 6\u00ba 30\u00b4- 37\u00ba 30\u00b4<\/address>\n<address>Calduba\u00a0\u00a0\u00a0 6\u00ba 05\u00b4- 37\u00ba 15\u00b4<\/address>\n<address><a href=\"http:\/\/www.elmundodegallasalva.es\/wp-content\/uploads\/2013\/03\/SAM_0485.jpg\"><img loading=\"lazy\" class=\"alignright size-medium wp-image-1982\" src=\"http:\/\/www.elmundodegallasalva.es\/wp-content\/uploads\/2013\/03\/SAM_0485-300x168.jpg\" alt=\"SAM_0485\" width=\"300\" height=\"168\" srcset=\"http:\/\/www.elmundodegallasalva.es\/wp-content\/uploads\/2013\/03\/SAM_0485-300x168.jpg 300w, http:\/\/www.elmundodegallasalva.es\/wp-content\/uploads\/2013\/03\/SAM_0485-1024x576.jpg 1024w, http:\/\/www.elmundodegallasalva.es\/wp-content\/uploads\/2013\/03\/SAM_0485.jpg 1696w\" sizes=\"(max-width: 300px) 100vw, 300px\" \/><\/a>Pesula\u00a0\u00a0\u00a0 7\u00ba 00\u00b4- 37\u00ba 20<\/address>\n<address>Saguntia\u00a0\u00a0\u00a0 6\u00ba 20\u00b4- 37\u00ba 05\u00b4<\/address>\n<address>Absindum\u00a0\u00a0\u00a0 6\u00ba 30\u00b4- 36\u00ba 50\u00b4<\/address>\n<address>Contributa\u00a0\u00a0\u00a0 7\u00ba 40\u00b4- 38\u00ba 55\u00b4<\/address>\n<address>Riginia \u00a0 \u00a07\u00ba 10\u00b4- 38\u00ba 55\u00b4<\/address>\n<address>Cursus\u00a0\u00a0\u00a0 8\u00ba 00\u00b4- 38\u00ba 20\u00b4<\/address>\n<address>Mirobriga\u00a0\u00a0\u00a0 7\u00ba 00\u00b4- 38\u00ba 25\u00b4<\/address>\n<address>Spoletinum\u00a0\u00a0\u00a0 7\u00ba 20\u00b4- 38\u00ba 20\u00b4<\/address>\n<address>Illipa Magna\u00a0\u00a0\u00a0 7\u00ba 40\u00b4- 38\u00ba 10\u00b4<\/address>\n<address>Ispalis (Sevilla)\u00a0\u00a0\u00a0 7\u00ba 15\u00b4- 37\u00ba 50\u00b4<\/address>\n<address>Obucala\u00a0\u00a0\u00a0 8\u00ba 00\u00b4- 37\u00ba 50\u00b4<\/address>\n<address>Calicula (Hu\u00e9scar)\u00a0\u00a0<a href=\"http:\/\/www.elmundodegallasalva.es\/wp-content\/uploads\/2013\/03\/SAM_0501.jpg\"><img loading=\"lazy\" class=\"alignleft size-medium wp-image-1983\" src=\"http:\/\/www.elmundodegallasalva.es\/wp-content\/uploads\/2013\/03\/SAM_0501-300x168.jpg\" alt=\"SAM_0501\" width=\"300\" height=\"168\" srcset=\"http:\/\/www.elmundodegallasalva.es\/wp-content\/uploads\/2013\/03\/SAM_0501-300x168.jpg 300w, http:\/\/www.elmundodegallasalva.es\/wp-content\/uploads\/2013\/03\/SAM_0501-1024x576.jpg 1024w, http:\/\/www.elmundodegallasalva.es\/wp-content\/uploads\/2013\/03\/SAM_0501.jpg 1696w\" sizes=\"(max-width: 300px) 100vw, 300px\" \/><\/a>\u00a0 7\u00ba 40\u00b4- 37\u00ba 30\u00b4<\/address>\n<address>Oleastrum\u00a0\u00a0\u00a0 7\u00ba 30\u00b4- 37\u00ba 05\u00b4<\/address>\n<address>Verbona (0suna)\u00a0\u00a0\u00a0 7\u00ba 30\u00b4- 37\u00ba 05\u00b4<\/address>\n<address>Besippo\u00a0\u00a0\u00a0 7\u00ba 15\u00b4- 37\u00ba 05\u00b4<\/address>\n<address>Furcanis\u00a0\u00a0\u00a0 8\u00ba 30\u00b4- 38\u00ba 50\u00b4<\/address>\n<address>Arsa\u00a0\u00a0\u00a0 8\u00ba 40\u00b4- 38\u00ba 55\u00b4<\/address>\n<address>Asula\u00a0\u00a0\u00a0 8\u00ba 35\u00b4- 38\u00ba 05\u00b4<\/address>\n<address>Astitis ( \u00c9cija) \u00a0 \u00a0\u00a08\u00ba 15\u00b4- 38\u00ba 20\u00b4<\/address>\n<address>Carmonie (Carmona) \u00a0 \u00a0\u00a08\u00ba 10\u00b4- 38\u00ba 00\u00b4<\/address>\n<address><strong>C\u00e9lticos:<\/strong><\/address>\n<address>Arucci\u00a0\u00a0\u00a0 5\u00ba 50\u00b4- 38\u00ba 50\u00b4<\/address>\n<address>Arunda\u00a0\u00a0\u00a0 6\u00ba 30\u00b4- 38\u00ba 05\u00b4<\/address>\n<address>Acurgia\u00a0\u00a0\u00a0 6\u00ba 00\u00b4- 38\u00ba 40\u00b4<\/address>\n<address>Acinippo\u00a0\u00a0\u00a0 6\u00ba 30\u00b4- 38\u00ba 25\u00b4<\/address>\n<address>Ulma\u00a0\u00a0\u00a0 6\u00ba 15\u00b4- 38\u00ba 35\u00b4<\/address>\n<address><strong>Las monta\u00f1as de la B\u00e9tica se llaman:<\/strong><\/address>\n<address>Termariano (Sierra Morena) cuyo centro est\u00e1 en\u00a0\u00a0\u00a0\u00a0 6\u00ba 00\u00b4- 37\u00ba 20\u00b4<\/address>\n<address>Illipa, cuyo centro est\u00e1 en \u00a0 \u00a0\u00a0 7\u00ba 20\u00b4- 37\u00ba 30\u00b4<\/address>\n<address>Al l ado de la B\u00e9tica, en el Mar Exterior ( Oc\u00e9ano Atl\u00e1ntico), se encuentra una isla en donde est\u00e1 la ciudad de Gadira (C\u00e1diz)\u00a0\u00a0\u00a0\u00a0 5\u00ba 10\u00b4- 36\u00ba 40\u00b4<\/address>\n<address><strong>\u00a0La Tarraconense y a partir de la desembocadura del Dorea (Duero), parte occidental:<\/strong><\/address>\n<address><strong>Galaicos Bracarenses:<\/strong><\/address>\n<address><a href=\"http:\/\/www.elmundodegallasalva.es\/wp-content\/uploads\/2013\/03\/20070712klphishes_16.Ies_.SCO_.jpg\"><img loading=\"lazy\" class=\"alignright size-medium wp-image-1987\" src=\"http:\/\/www.elmundodegallasalva.es\/wp-content\/uploads\/2013\/03\/20070712klphishes_16.Ies_.SCO_-245x300.jpg\" alt=\"20070712klphishes_16.Ies.SCO\" width=\"245\" height=\"300\" srcset=\"http:\/\/www.elmundodegallasalva.es\/wp-content\/uploads\/2013\/03\/20070712klphishes_16.Ies_.SCO_-245x300.jpg 245w, http:\/\/www.elmundodegallasalva.es\/wp-content\/uploads\/2013\/03\/20070712klphishes_16.Ies_.SCO_.jpg 267w\" sizes=\"(max-width: 245px) 100vw, 245px\" \/><\/a>Desembocadura del r\u00edo Ano \u00a0 \u00a0 5\u00ba 30\u00b4- 42\u00ba 15\u00b4<\/address>\n<address>Cabo \u00c1varo\u00a0\u00a0\u00a0\u00a0 4\u00ba 30\u00b4- 42\u00ba 30\u00b4<\/address>\n<address>Desembocadura del r\u00edo Nibis\u00a0\u00a0\u00a0\u00a0 5\u00ba 40\u00b4- 42\u00ba 45\u00b4<\/address>\n<address>Desembocadura del r\u00edo Limnis\u00a0\u00a0\u00a0 5\u00ba 30\u00b4- 42\u00ba 45\u00b4<\/address>\n<address>Desembocadura Minio (Mi\u00f1o)\u00a0\u00a0\u00a0 5\u00ba 20\u00b4- 43\u00ba 15\u00b4<\/address>\n<address>Manantial del r\u00edo\u00a0\u00a0\u00a0 11\u00ba 30\u00b4- 44\u00ba 15\u00b4<\/address>\n<address><strong>Galaicos Lucenses:<\/strong><\/address>\n<address>Cabo Orubio (Cabo Corrubedo)\u00a0\u00a0\u00a0\u00a0 5\u00ba 30\u00b4- 44\u00ba 15\u00b4<\/address>\n<address>Desembocadura del r\u00edo Via\u00a0\u00a0\u00a0 5\u00ba 40\u00b4- 44\u00ba 20\u00b4<\/address>\n<address><strong>\u00c1rtabros:<\/strong><\/address>\n<address>Desembocadura del r\u00edo Tamara\u00a0\u00a0\u00a0 5\u00ba 40\u00b4- 44\u00ba 20\u00b4<\/address>\n<address>Puerto de los \u00c1rtabros (Finisterre)\u00a0\u00a0\u00a0 5\u00ba 40\u00b4- 45\u00ba 00\u00b4<\/address>\n<address>Cabo Oneiro\u00a0\u00a0\u00a0\u00a0 5\u00ba 15\u00b4- 45\u00ba 10\u00b4<\/address>\n<address>La costa norte , que se expone al Oc\u00e9ano Cant\u00e1brico se describe de la manera siguiente, a partir del cabo Oneiro:<\/address>\n<address>Otro cabo, en donde est\u00e1n los Altares de Sol Sestio\u00a0\u00a0\u00a0 5\u00ba 20\u00b4- 45\u00ba 10\u00b4<\/address>\n<address>Desembocadura del r\u00edo Vir (Mero)\u00a0\u00a0\u00a0 6\u00ba 15\u00b4- 45\u00ba 30\u00b4<\/address>\n<address><strong>Galaicos Lucenses, en Gran Puerto ( R\u00eda de Sada-Betanzos):<\/strong><\/address>\n<address>Flavium Brigantium (San Marti\u00f1o de Brab\u00edo)\u00a0\u00a0\u00a0 6\u00ba 45\u00b4- 45\u00ba 00\u00b4<\/address>\n<address>Cabo Lapatiacorum, llamado tambi\u00e9n Trileutum (Punta dos Aguill\u00f3ns\u00a0\u00a0\u00a0 8\u00ba 15\u00b4- 45\u00ba 50\u00b4<\/address>\n<address>Desembocadura del r\u00edo Mearo ( Mera)\u00a0\u00a0\u00a0 9\u00ba 00\u00b4- 45\u00ba 45\u00b4<\/address>\n<address>Desembocadura del r\u00edo Nari\u00a0\u00a0\u00a0 10\u00ba 00\u00b4- 45\u00ba 50\u00b4<\/address>\n<address>Desembocadura del r\u00edo Naviavilonis\u00a0\u00a0\u00a0 11\u00ba 40\u00b4- 45\u00ba 45\u00b4<\/address>\n<address><strong>P\u00e9sicos:<\/strong><\/address>\n<address>Flavionavia (Avil\u00e9s)\u00a0\u00a0\u00a0 11\u00ba 45\u00b4- 45\u00ba 425\u00b4<\/address>\n<address>Desembocadu<a href=\"http:\/\/www.elmundodegallasalva.es\/wp-content\/uploads\/2013\/03\/SAM_0042.jpg\"><img loading=\"lazy\" class=\"alignleft size-medium wp-image-1988\" src=\"http:\/\/www.elmundodegallasalva.es\/wp-content\/uploads\/2013\/03\/SAM_0042-300x240.jpg\" alt=\"SAM_0042\" width=\"300\" height=\"240\" srcset=\"http:\/\/www.elmundodegallasalva.es\/wp-content\/uploads\/2013\/03\/SAM_0042-300x240.jpg 300w, http:\/\/www.elmundodegallasalva.es\/wp-content\/uploads\/2013\/03\/SAM_0042.jpg 720w\" sizes=\"(max-width: 300px) 100vw, 300px\" \/><\/a>ra del r\u00edo Nelo\u00a0\u00a0\u00a0 12\u00ba 00\u00b4- 45\u00ba 10\u00b4<\/address>\n<address><strong>C\u00e1ntabros:<\/strong><\/address>\n<address>Desembocadura del r\u00edo Negavicesia\u00a0\u00a0\u00a0 13\u00ba 00\u00b4- 45\u00ba 05\u00b4<\/address>\n<address><strong>Autrigones:<\/strong><\/address>\n<address>Desembocadura del r\u00edo Nerva\u00a0\u00a0\u00a0 13\u00ba 10\u00b4- 44\u00ba 40\u00b4<\/address>\n<address>Flaviobriga\u00a0\u00a0\u00a0 13\u00ba 30\u00b4- 44\u00ba 40\u00b4<\/address>\n<address><strong>Caristi:<\/strong><\/address>\n<address>Desembocadura del r\u00edo Diva (Deva)\u00a0\u00a0 13\u00ba 50\u00b4- 44\u00ba 30\u00b4<\/address>\n<address><strong>Varduli:<\/strong><\/address>\n<address>Menosca (Donostia)\u00a0\u00a0\u00a0\u00a0 14\u00ba 20\u00b4- 45\u00ba 00\u00b4<\/address>\n<address><strong>Vascones:<\/strong><\/address>\n<address>Desembocadura del r\u00edo Meulasco\u00a0\u00a0\u00a0 13\u00ba 10\u00b4- 44\u00ba 40\u00b4<\/address>\n<address>Easo (Oiartzun), ciudad\u00a0\u00a0\u00a0 15\u00ba 30\u00b4- 45\u00ba 05\u00b4<\/address>\n<address>Cabo de Easo (Oiartzum) Pirineos\u00a0\u00a0\u00a0\u00a0\u00a0 15\u00ba 10\u00b4- 45\u00ba 50\u00b4<\/address>\n<address>La zona por donde nace el sol del verano acaba en los Pirineos, desde el mencionado cabo hasta los montes que llegan a nuestro Mar (Mediterraneo), en donde se asienta el Templo de Venus cuyas coordenadas son 20\u00ba 20\u00b4 &#8211; 42\u00ba 20\u00b4. La cordillera se curva un poco hacia Hispania y desde all\u00ed el Meridiano que atraviesa la Taraconense tiene las coordenadas 17\u00ba 43\u00ba. Los que est\u00e1n a partir de la B\u00e9tica se describen as\u00ed:<\/address>\n<address><a href=\"http:\/\/www.elmundodegallasalva.es\/wp-content\/uploads\/2013\/03\/la-dama-de-elche.jpg\"><img loading=\"lazy\" class=\"alignright size-medium wp-image-1989\" src=\"http:\/\/www.elmundodegallasalva.es\/wp-content\/uploads\/2013\/03\/la-dama-de-elche-185x300.jpg\" alt=\"la-dama-de-elche\" width=\"185\" height=\"300\" srcset=\"http:\/\/www.elmundodegallasalva.es\/wp-content\/uploads\/2013\/03\/la-dama-de-elche-185x300.jpg 185w, http:\/\/www.elmundodegallasalva.es\/wp-content\/uploads\/2013\/03\/la-dama-de-elche.jpg 270w\" sizes=\"(max-width: 185px) 100vw, 185px\" \/><\/a><strong>Basitanos, que est\u00e1n a la orilla del mar:<\/strong><\/address>\n<address>Urci\u00a0\u00a0\u00a0 12\u00ba 00\u00b4- 37\u00ba 25\u00b4<\/address>\n<address><strong>Contestanos, que tambi\u00e9n est\u00e1n a la orilla del mar:<\/strong><\/address>\n<address>Lucentum\u00a0\u00a0\u00a0 12\u00ba 30\u00b4- 37\u00ba 30\u00b4<\/address>\n<address>Cartago Nova (Cartagena)\u00a0\u00a0\u00a0\u00a0 13\u00ba 00\u00b4- 37\u00ba 55\u00b4<\/address>\n<address>Cabos Scombrarios\u00a0\u00a0\u00a0\u00a0 13\u00ba 30\u00b4- 37\u00ba 40\u00b4<\/address>\n<address>Desembocadura del r\u00edo Staberis (Segura)\u00a0\u00a0\u00a0 13\u00ba 20\u00b4- 38\u00ba 05\u00b4<\/address>\n<address>Desembocadura del r\u00edo Alone\u00a0\u00a0\u00a0 12\u00ba 45\u00b4- 48\u00ba 25\u00b4<\/address>\n<address>Desembocadura del r\u00edo Setabis\u00a0\u00a0\u00a0 14\u00ba 30\u00b4- 38\u00ba 35\u00b4<\/address>\n<address>Puerto Ilicicato\u00a0\u00a0\u00a0 14\u00ba 15\u00b4- 38\u00ba 45\u00b4<\/address>\n<address>Desembocadura del r\u00edo Bruc\u00f3n \u00a0 \u00a0 14\u00ba 30\u00b4- 38\u00ba 50\u00b4<\/address>\n<address><strong>Costa de los Idetanos:<\/strong><\/address>\n<address>Desembocadura del r\u00edo Palantia\u00a0\u00a0\u00a0 15\u00ba 00\u00b4- 39\u00ba 20\u00b4<\/address>\n<address>Desembocadura del r\u00edo Turis (Turia) \u00a0 \u00a014\u00ba 30\u00b4- 39\u00ba 00\u00b4<\/address>\n<address>Dianium (Denia)\u00a0\u00a0\u00a0 15\u00ba 30\u00b4- 39\u00ba 30\u00b4<\/address>\n<address><strong>Costa de los Ilercaones:<\/strong><\/address>\n<address>Cabo Tenebrio ( Cabo de San Mart\u00edn)\u00a0\u00a0\u00a0 15\u00ba 50\u00b4- 39\u00ba 30\u00b4<\/address>\n<address>Tenebris\u00a0\u00a0\u00a0 15\u00ba 45\u00b4 &#8211; 40\u00ba 00\u00b4<\/address>\n<address>Desembocadura del r\u00edo Ibero (Ebro)\u00a0\u00a0\u00a0 15\u00ba 30\u00b4- 39\u00ba 40\u00b4<\/address>\n<address>Parte central del r\u00edo\u00a0 \u00a0 \u00a0 14\u00ba 00\u00b4- 42\u00ba 00\u00b4 \u00a0<\/address>\n<address><a href=\"http:\/\/www.elmundodegallasalva.es\/wp-content\/uploads\/2013\/03\/dsc01721.jpg\"><img loading=\"lazy\" class=\"alignleft size-medium wp-image-1990\" src=\"http:\/\/www.elmundodegallasalva.es\/wp-content\/uploads\/2013\/03\/dsc01721-300x225.jpg\" alt=\"dsc01721\" width=\"300\" height=\"225\" srcset=\"http:\/\/www.elmundodegallasalva.es\/wp-content\/uploads\/2013\/03\/dsc01721-300x225.jpg 300w, http:\/\/www.elmundodegallasalva.es\/wp-content\/uploads\/2013\/03\/dsc01721.jpg 640w\" sizes=\"(max-width: 300px) 100vw, 300px\" \/><\/a>Manantial del R\u00edo\u00a0\u00a0\u00a0 10\u00ba 30\u00b4- 44\u00ba 00\u00b4<\/address>\n<address>\u00a0<strong>Costa de los casitanos:<\/strong><\/address>\n<address>Tarrac\u00f3n (Tarragona)\u00a0\u00a0\u00a0 16\u00ba 20\u00b4- 40\u00ba 20\u00b4<\/address>\n<address>Subur\u00a0\u00a0\u00a0\u00a0 16\u00ba 50\u00b4- 40\u00ba 45\u00b4<\/address>\n<address><strong>Costa de los Leietanos:<\/strong><\/address>\n<address>Barcinon (Barcelona)\u00a0\u00a0\u00a0\u00a0 17\u00ba 15\u00b4- 41\u00ba 00\u00b4<\/address>\n<address>Desembocadura del r\u00edo Rubricato (Llobregat)\u00a0\u00a0\u00a0 17\u00ba 30\u00b4- 41\u00ba 15\u00b4<\/address>\n<address>Betul\u00f3n (Bes\u00f3s)\u00a0\u00a0\u00a0 17\u00ba 45\u00b4- 41\u00ba 20\u00b4<\/address>\n<address>Cabo Lun\u00e1tico\u00a0\u00a0\u00a0 18\u00ba 30\u00b4- 41\u00ba 20\u00b4<\/address>\n<address>Diluron\u00a0\u00a0\u00a0 18\u00ba 00\u00b4- 41\u00ba 15\u00b4<\/address>\n<address>Blanda\u00a0\u00a0\u00a0 18\u00ba 15\u00b4- 41\u00ba 00\u00b4<\/address>\n<address><strong>Costa de los Indigetes:<\/strong><\/address>\n<address>Desembocadura del r\u00edo Sambroca (Muga)\u00a0\u00a0\u00a0 18\u00ba 30\u00b4- 42\u00ba 10\u00b4<\/address>\n<address>Emporie (Ampuries)\u00a0\u00a0\u00a0 18\u00ba 45\u00b4- 42\u00ba 20\u00b4<\/address>\n<address>Desembocadura del r\u00edo Clodiano (Fluvi\u00e0)\u00a0\u00a0\u00a0 19\u00ba 00\u00b4- 42\u00ba 30\u00b4<a href=\"http:\/\/www.elmundodegallasalva.es\/wp-content\/uploads\/2013\/03\/SAM_0022.jpg\"><img loading=\"lazy\" class=\"alignright size-medium wp-image-1992\" src=\"http:\/\/www.elmundodegallasalva.es\/wp-content\/uploads\/2013\/03\/SAM_0022-300x240.jpg\" alt=\"SAM_0022\" width=\"300\" height=\"240\" srcset=\"http:\/\/www.elmundodegallasalva.es\/wp-content\/uploads\/2013\/03\/SAM_0022-300x240.jpg 300w, http:\/\/www.elmundodegallasalva.es\/wp-content\/uploads\/2013\/03\/SAM_0022.jpg 720w\" sizes=\"(max-width: 300px) 100vw, 300px\" \/><\/a><\/address>\n<address>Rhoda, ciudad\u00a0\u00a0\u00a0 19\u00ba 30\u00b4- 42\u00ba 30\u00b4<\/address>\n<address>A continuaci\u00f3n un Templo de Venus\u00a0\u00a0\u00a0\u00a0\u00a0 20\u00ba 20\u00b4- 42\u00ba 20\u00b4<\/address>\n<address><strong>Las monta\u00f1as de la Tarraconense son notables:<\/strong><\/address>\n<address>Vindio, cuyos extremos est\u00e1n en\u00a0\u00a0\u00a0\u00a0 9\u00ba 00\u00b4- 45\u00ba 00\u00b4 y\u00a0 11\u00ba 30\u00b4- 44\u00ba 15\u00b4<\/address>\n<address>Monte Edulio ( Montperdut),\u00a0cuyos extremos est\u00e1n en \u00a0 \u00a0 14\u00ba 40\u00b4- 42\u00ba 30\u00b4 y\u00a0 16\u00ba 00\u00b4- 43\u00ba oo\u00b4 \u00a0\u00a0\u00a0\u00a0\u00a0<\/address>\n<address>Monte Iubeda, cuyos extremos est\u00e1n en\u00a0\u00a0\u00a0 14\u00ba 00\u00b4- 41\u00ba 15\u00b4 y\u00a0 14\u00ba 20\u00b4- 39\u00ba 00\u00b4<\/address>\n<address>Monte Ortospeda, cuyos extremos est\u00e1n en\u00a0\u00a0\u00a0 13\u00ba 30\u00b4- 37\u00ba 40\u00b4 y\u00a0 14\u00ba 00\u00b4- 39\u00ba 40\u00b4<\/address>\n<address><strong>Los \u00c1rtabros ocupan la regi\u00f3n en torno al Cabo Oneiro, cuyas ciudades son:<\/strong><\/address>\n<address>Claudionerium\u00a0\u00a0\u00a0 5\u00ba 45\u00b4- 45\u00ba 10\u00b4<\/address>\n<address>Novium Santiago\u00a0\u00a0\u00a0 6\u00ba 10\u00b4- 44\u00ba 45\u00b4<\/address>\n<address><strong>A su lado se encuentran los Galaicos, tambi\u00e9n llamados Lucenses, cuyas ciudades en el interior son las siguientes:<\/strong><\/address>\n<address>Burum\u00a0\u00a0\u00a0 8\u00ba 15\u00b4- 4<a href=\"http:\/\/www.elmundodegallasalva.es\/wp-content\/uploads\/2013\/03\/moneda_104.jpg\"><img loading=\"lazy\" class=\"alignleft size-medium wp-image-1991\" src=\"http:\/\/www.elmundodegallasalva.es\/wp-content\/uploads\/2013\/03\/moneda_104-300x286.jpg\" alt=\"moneda_104\" width=\"300\" height=\"286\" srcset=\"http:\/\/www.elmundodegallasalva.es\/wp-content\/uploads\/2013\/03\/moneda_104-300x286.jpg 300w, http:\/\/www.elmundodegallasalva.es\/wp-content\/uploads\/2013\/03\/moneda_104.jpg 419w\" sizes=\"(max-width: 300px) 100vw, 300px\" \/><\/a>5\u00ba 05\u00b4<\/address>\n<address>Olina\u00a0\u00a0\u00a0 8\u00ba 30\u00b4- 45\u00ba 20\u00b4<\/address>\n<address>Veca\u00a0\u00a0\u00a0 9\u00ba 40\u00b4- 45\u00ba 20\u00b4<\/address>\n<address>Libunca \u00a0 \u00a0\u00a0 10\u00ba 10\u00b4- 45\u00ba 20\u00b4\u00a0\u00a0<\/address>\n<address>Pintia\u00a0\u00a0\u00a0 10\u00ba 20\u00b4- 45\u00ba 10\u00b4<\/address>\n<address>Caronium\u00a0\u00a0\u00a0 7\u00ba 00\u00b4- 44\u00ba 45\u00b4<\/address>\n<address>Turruptiana\u00a0\u00a0\u00a0 6\u00ba 20\u00b4- 43\u00ba 45\u00b4<\/address>\n<address>Glandomitum\u00a0\u00a0\u00a0 7\u00ba 00\u00b4- 43\u00ba 40\u00b4<\/address>\n<address>Ocelum\u00a0\u00a0\u00a0 8\u00ba 20\u00b4- 44\u00ba 25\u00b4<\/address>\n<address>Turriga\u00a0\u00a0\u00a0 8\u00ba 50\u00b4- 44\u00ba 35\u00b4<\/address>\n<address>Iria Flavia (Iria. Padr\u00f3n)\u00a0\u00a0\u00a0 6\u00ba 25\u00b4- 43\u00ba 30\u00b4<\/address>\n<address>Lucua Augusta (Lugo)\u00a0\u00a0\u00a0 7\u00ba 25\u00b4- 43\u00ba 25\u00b4<\/address>\n<address><strong>Cilinos:<\/strong><\/address>\n<address>Aque Calide (Caldes de Reis)\u00a0\u00a0\u00a0 6\u00ba 20\u00b4- 44\u00ba 20\u00b4<\/address>\n<address>\u00a0<strong>Lemavos:<\/strong><\/address>\n<address>Dactonium\u00a0\u00a0\u00a0\u00a0 7\u00ba 10\u00b4- 44\u00ba 00\u00b4<\/address>\n<address><strong>Edyos:<\/strong><\/address>\n<address>Flavia Lambres\u00a0\u00a0\u00a0\u00a0 7\u00ba 50\u00b4- 44\u00ba 45\u00b4<\/address>\n<address><strong>Seburros:<\/strong><\/address>\n<address>Talamina\u00a0\u00a0\u00a0 8\u00ba 30\u00b4- 44\u00ba 30\u00b4<\/address>\n<address>Aqua Quintane\u00a0\u00a0\u00a0 8\u00ba 30\u00b4- 45\u00ba 05\u00b4<\/address>\n<address><strong>Desde \u00e9stos hacia el este se extiende Asturias cuyas ciudades son:<\/strong><\/address>\n<address>Lucus Asturiorum (Oviedo)\u00a0\u00a0\u00a0 11\u00ba 00\u00b4- 45\u00ba 00\u00b4<\/address>\n<address>Labernis\u00a0\u00a0\u00a0 11\u00ba 30\u00b4- 44\u00ba 30\u00b4<\/address>\n<address>Interranium (Ponferrada)\u00a0\u00a0\u00a0\u00a0 6\u00ba 20\u00b4- 44\u00ba 20\u00b4<\/address>\n<address>Argenteola<\/address>\n<address>Anciasque<\/address>\n<address>Aliaca<\/address>\n<address>Gipa (Gij\u00f3n)<\/address>\n<address>Regidium Flavium<\/address>\n<address>Interramnium Flavium<\/address>\n<address>Germanico Legio (Le\u00f3n)<\/address>\n<address><strong>Bribecinos:<\/strong><\/address>\n<address>\u00a0Continuar\u00e1, quedan muchas tr\u00edbus \u00edberas&#8230;&#8230;<\/address>\n<address>\u00a0<\/address>\n","protected":false},"excerpt":{"rendered":"<p>El Atlas es el primer libro de Astrolog\u00eda que se conoce, que fue el que escribi\u00f3 el rey de los&hellip;<\/p>\n","protected":false},"author":1,"featured_media":0,"parent":2681,"menu_order":0,"comment_status":"open","ping_status":"open","template":"template-fullwidth.php","meta":{"_monsterinsights_skip_tracking":false,"_monsterinsights_sitenote_active":false,"_monsterinsights_sitenote_note":"","_monsterinsights_sitenote_category":0},"_links":{"self":[{"href":"http:\/\/www.elmundodegallasalva.es\/index.php?rest_route=\/wp\/v2\/pages\/1974"}],"collection":[{"href":"http:\/\/www.elmundodegallasalva.es\/index.php?rest_route=\/wp\/v2\/pages"}],"about":[{"href":"http:\/\/www.elmundodegallasalva.es\/index.php?rest_route=\/wp\/v2\/types\/page"}],"author":[{"embeddable":true,"href":"http:\/\/www.elmundodegallasalva.es\/index.php?rest_route=\/wp\/v2\/users\/1"}],"replies":[{"embeddable":true,"href":"http:\/\/www.elmundodegallasalva.es\/index.php?rest_route=%2Fwp%2Fv2%2Fcomments&post=1974"}],"version-history":[{"count":0,"href":"http:\/\/www.elmundodegallasalva.es\/index.php?rest_route=\/wp\/v2\/pages\/1974\/revisions"}],"up":[{"embeddable":true,"href":"http:\/\/www.elmundodegallasalva.es\/index.php?rest_route=\/wp\/v2\/pages\/2681"}],"wp:attachment":[{"href":"http:\/\/www.elmundodegallasalva.es\/index.php?rest_route=%2Fwp%2Fv2%2Fmedia&parent=1974"}],"curies":[{"name":"wp","href":"https:\/\/api.w.org\/{rel}","templated":true}]}}